{"id":408,"date":"2020-07-04T14:13:52","date_gmt":"2020-07-04T14:13:52","guid":{"rendered":"http:\/\/thomas-schleiken.com\/?page_id=408"},"modified":"2020-11-26T13:35:56","modified_gmt":"2020-11-26T13:35:56","slug":"projektmanagement-mit-emotionaler-intelligenz","status":"publish","type":"page","link":"http:\/\/thomas-schleiken.com\/?page_id=408","title":{"rendered":"PROJEKTMANAGEMENT MIT EMOTIONALER INTELLIGENZ"},"content":{"rendered":"\n<h2 class=\"wp-block-heading\">EIN SEMINAR F\u00dcR PROJEKTLEITENDE UND MANAGER IM UMFELD VON PROJEKTMANAGEMENT<\/h2>\n\n\n\n<h4 class=\"wp-block-heading\">IHR NUTZEN<\/h4>\n\n\n\n<p>Projektmanager bewegen sich t\u00e4glich in einem vielschichtigen Beziehungsgeflecht zwischen internen und externen Mitarbeitern, Lenkungsaussch\u00fcssen, Auftraggebern, Kunden und Vorgesetzten. Einzelgespr\u00e4che sind ebenso an der Tagesordnung, wie Meetings, in denen es um Informationsabgleich oder Entscheidungen geht. Dabei ist es nicht nur der Verstand, der das Handeln leitet. Die Emotionen spielen eine ebenso wichtige Rolle. Bisweilen durchkreuzen sie gar den Verstand auf ungewollte Art und Weise. Erst im Einklang von Denken, F\u00fchlen, Wollen und Handeln erweist sich emotionale Managementkompetenz.<br>Dieses Seminar unterst\u00fctzt Sie dabei, mit emotionaler Intelligenz kompetent \u00c4ngsten und Unsicherheiten, aber auch Stre\u00df, Wut und Aggressionen begegnen k\u00f6nnen. Sie erfahren M\u00f6glichkeiten, demotivierte Mitarbeiter, N\u00f6rgler und Blockierer wieder ins Boot holen. Sie erkunden, wie Sie ein motivierendes Klima in der Projektarbeit etablieren und aufrechterhalten.<\/p>\n\n\n\n<h4 class=\"wp-block-heading\">F\u00dcR WEN?<\/h4>\n\n\n\n<p>Sie sind im Projektmanagement t\u00e4tig? Sie wollen wirksam f\u00fchren, ohne sich selbst vereinnahmen zu lassen? Sie wollen emotionale Intelligenz in ihrem Projektalltag erfolgreich nutzen? Dann sind Sie mit diesem Seminar angesprochen.<\/p>\n\n\n\n<h4 class=\"wp-block-heading\">LEITTHEMEN\/LEITFRAGEN<\/h4>\n\n\n\n<ul class=\"wp-block-list\"><li>Die Kompetenzfelder der Emotionalen Intelligenz<\/li><li>Projekte leiten mit Kopf, Herz und Hand, aber wie?<\/li><li>Wie nehmen Sie Einflu\u00df ohne autorit\u00e4r zu sein?<\/li><li>Dialog versus Diskussion \u2013 emotional intelligente Gespr\u00e4chsf\u00fchrung f\u00fcr mehr Motivation<\/li><li>Aktives Zuh\u00f6ren und Feedback als wirksame Mittel zum Umgang mit schwierigen Projektmitarbeitern<\/li><li>Zeigen Sie Empathie mit n\u00fctzlichen Fragetechniken<\/li><li>Konflikte im Projekt l\u00f6sungsorientiert angehen<\/li><li>Instrumente zur Selbstreflexion und Selbstkontrolle<\/li><li>So managen Sie kritische Situationen im Projekt wirksam<\/li><li>Wie finden Sie den Weg zur inneren Gelassenheit?<\/li><li>Wie f\u00f6rdern Sie eine vertrauensvolle Projektarbeit?<\/li><li>Wie wandeln Sie Anspannungen in positive Energien um?<\/li><li>Wie sch\u00e4rfen Sie den Blick f\u00fcr Stre\u00df im Team?<\/li><li>Wie f\u00f6rdern Sie den zielorientierten Umgang mit Menschen?<\/li><li>Denken, reden und handeln in \u00dcbereinstimmung bringen: Wie steigern Sie Ihre Glaubw\u00fcrdigkeit?<\/li><\/ul>\n\n\n\n<h4 class=\"wp-block-heading\">TERMIN\/ORT<\/h4>\n\n\n\n<p>Auf Anfrage<br>Inhouse<\/p>\n\n\n\n<h4 class=\"wp-block-heading\">IHRE INVESTITION<\/h4>\n\n\n\n<p>Kontaktieren Sie mich. Gern unterbreite ich Ihnen ein pers\u00f6nliches Angebot.<br>Telefon: 04223-925934<br>eMail: schleikentcc@t-online.de<\/p>\n","protected":false},"excerpt":{"rendered":"<p>EIN SEMINAR F\u00dcR PROJEKTLEITENDE UND MANAGER IM UMFELD VON PROJEKTMANAGEMENT IHR NUTZEN Projektmanager bewegen sich t\u00e4glich in einem vielschichtigen Beziehungsgeflecht zwischen internen und externen Mitarbeitern, Lenkungsaussch\u00fcssen, Auftraggebern, Kunden und Vorgesetzten. Einzelgespr\u00e4che sind ebenso an der Tagesordnung, wie Meetings, in denen es um Informationsabgleich oder Entscheidungen geht. Dabei ist es nicht nur der Verstand, der das &hellip; <\/p>\n<p class=\"link-more\"><a href=\"http:\/\/thomas-schleiken.com\/?page_id=408\" class=\"more-link\"><span class=\"screen-reader-text\">\u201ePROJEKTMANAGEMENT MIT EMOTIONALER INTELLIGENZ\u201c<\/span> weiterlesen<\/a><\/p>\n","protected":false},"author":1,"featured_media":0,"parent":0,"menu_order":0,"comment_status":"closed","ping_status":"closed","template":"","meta":{"footnotes":""},"class_list":["post-408","page","type-page","status-publish","hentry"],"_links":{"self":[{"href":"http:\/\/thomas-schleiken.com\/index.php?rest_route=\/wp\/v2\/pages\/408","targetHints":{"allow":["GET"]}}],"collection":[{"href":"http:\/\/thomas-schleiken.com\/index.php?rest_route=\/wp\/v2\/pages"}],"about":[{"href":"http:\/\/thomas-schleiken.com\/index.php?rest_route=\/wp\/v2\/types\/page"}],"author":[{"embeddable":true,"href":"http:\/\/thomas-schleiken.com\/index.php?rest_route=\/wp\/v2\/users\/1"}],"replies":[{"embeddable":true,"href":"http:\/\/thomas-schleiken.com\/index.php?rest_route=%2Fwp%2Fv2%2Fcomments&post=408"}],"version-history":[{"count":2,"href":"http:\/\/thomas-schleiken.com\/index.php?rest_route=\/wp\/v2\/pages\/408\/revisions"}],"predecessor-version":[{"id":570,"href":"http:\/\/thomas-schleiken.com\/index.php?rest_route=\/wp\/v2\/pages\/408\/revisions\/570"}],"wp:attachment":[{"href":"http:\/\/thomas-schleiken.com\/index.php?rest_route=%2Fwp%2Fv2%2Fmedia&parent=408"}],"curies":[{"name":"wp","href":"https:\/\/api.w.org\/{rel}","templated":true}]}}